{"id":2,"date":"2021-05-22T18:01:40","date_gmt":"2021-05-22T21:01:40","guid":{"rendered":"https:\/\/www.rosasadvogados.adv.br\/?page_id=2"},"modified":"2022-06-06T21:16:13","modified_gmt":"2022-06-07T00:16:13","slug":"inicio","status":"publish","type":"page","link":"https:\/\/www.rosasadvogados.adv.br\/","title":{"rendered":"In\u00edcio"},"content":{"rendered":"<p>[et_pb_section fb_built=&#8221;1&#8243; disabled_on=&#8221;on|off|off&#8221; _builder_version=&#8221;4.9.4&#8243; _module_preset=&#8221;default&#8221; background_color=&#8221;#882412&#8243; min_height=&#8221;100%&#8221; max_height=&#8221;1080px&#8221; custom_margin=&#8221;0px||||false|false&#8221; custom_padding=&#8221;0px||400px||false|false&#8221;][et_pb_row column_structure=&#8221;2_5,3_5&#8243; _builder_version=&#8221;4.9.4&#8243; _module_preset=&#8221;default&#8221; max_width=&#8221;1140px&#8221; module_alignment=&#8221;center&#8221; custom_padding=&#8221;100px||0px|||&#8221;][et_pb_column type=&#8221;2_5&#8243; _builder_version=&#8221;4.9.4&#8243; _module_preset=&#8221;default&#8221;][et_pb_image src=&#8221;https:\/\/www.rosasadvogados.adv.br\/wp-content\/uploads\/2022\/05\/logo-completa.png&#8221; title_text=&#8221;logo-completa&#8221; show_bottom_space=&#8221;off&#8221; align=&#8221;center&#8221; disabled_on=&#8221;off|off|off&#8221; _builder_version=&#8221;4.9.4&#8243; _module_preset=&#8221;default&#8221; width=&#8221;100%&#8221; module_alignment=&#8221;center&#8221; custom_margin=&#8221;0px||0px||false|false&#8221; custom_padding=&#8221;0px|||||&#8221;][\/et_pb_image][et_pb_divider color=&#8221;#FFFFFF&#8221; _builder_version=&#8221;4.9.4&#8243; _module_preset=&#8221;default&#8221; custom_margin=&#8221;10px||-1px||false|false&#8221; custom_padding=&#8221;9px||0px|||&#8221;][\/et_pb_divider][et_pb_text _builder_version=&#8221;4.9.4&#8243; _module_preset=&#8221;default&#8221; text_font=&#8221;Lato Regular|500|||||||&#8221; text_font_size=&#8221;16px&#8221; text_line_height=&#8221;1.4em&#8221; header_font=&#8221;Lato Regular||||||||&#8221; header_font_size=&#8221;16px&#8221; width=&#8221;100%&#8221; module_alignment=&#8221;left&#8221; custom_margin=&#8221;0px||0px|0px|false|false&#8221; custom_padding=&#8221;0px||0px|0px||&#8221; inline_fonts=&#8221;OpenSansOK,Lato Regular,Lato Black&#8221;]<\/p>\n<p style=\"text-align: center;\"><span style=\"color: #ffffff; font-family: 'Lato Regular'; font-size: large;\">+55 61 3226-0368<\/span><\/p>\n<p style=\"text-align: center;\"><span style=\"color: #ffffff; font-size: large; font-family: 'Lato Regular'; font-weight: normal;\">rosasadvogados@rosasadvogados.adv.br<\/span><span style=\"color: #ffffff; font-family: OpenSansOK;\"><span style=\"font-size: 14px;\"><\/span><\/span><span style=\"color: #ffffff; font-size: large; font-family: 'Lato Regular'; font-weight: normal;\"><\/span><\/p>\n<p style=\"text-align: center;\"><span style=\"color: #ffffff; font-size: large; font-family: 'Lato Regular'; font-weight: normal;\">SRTVS Q. 701 Bloco A Salas 801\/806 &#8211; Edif\u00edcio Centro Empresarial Bras\u00edlia, CEP 70340-000 &#8211; Bras\u00edlia\/DF<\/span><\/p>\n<p style=\"text-align: center;\">[\/et_pb_text][\/et_pb_column][et_pb_column type=&#8221;3_5&#8243; _builder_version=&#8221;4.9.4&#8243; _module_preset=&#8221;default&#8221;][et_pb_text _builder_version=&#8221;4.9.4&#8243; _module_preset=&#8221;default&#8221; text_font=&#8221;Lato Black|200|||||||&#8221; text_text_color=&#8221;#FFFFFF&#8221; text_font_size=&#8221;11px&#8221; text_line_height=&#8221;1.8em&#8221; header_font=&#8221;Open Sans||||||||&#8221; header_line_height=&#8221;1.4em&#8221; background_layout=&#8221;dark&#8221; custom_margin=&#8221;10px|||||&#8221; inline_fonts=&#8221;OpenSansOK&#8221;]<\/p>\n<p><span style=\"color: #ffffff;\"><strong><span style=\"font-size: 13.5pt; font-family: 'Lato Black', sans-serif;\"><span style=\"font-size: xx-large;\">R<\/span>osas Advogados<\/span><\/strong><\/span><span style=\"font-size: 13.5pt; font-family: Lato, sans-serif; color: #c6c6c6;\"> um dos escrit\u00f3rios mais antigos e prestigiados de Bras\u00edlia foi fundado em 1969 pelo <\/span><span style=\"color: #ffffff;\"><strong><span style=\"font-size: 13.5pt; font-family: 'Lato Black', sans-serif;\">advogado Roberto Rosas<\/span><\/strong><\/span><span style=\"font-size: 13.5pt; font-family: 'Lato',sans-serif; color: #d8d8d8;\">.<span style=\"color: #c6c6c6;\"> Com a atua\u00e7\u00e3o voltada para os Tribunais Superiores, o escrit\u00f3rio apresenta um trabalho especializado para a solu\u00e7\u00e3o das demandas mais complexas do pa\u00eds.\u00a0<\/span><\/span><span style=\"font-family: 'Lato',sans-serif;\"><o:p><\/o:p><\/span><\/p>\n<p><span style=\"color: #ffffff;\"><strong><span style=\"font-size: 13.5pt; font-family: 'Lato Black', sans-serif;\"><span style=\"font-size: xx-large;\">R<\/span>oberto Rosas<\/span><\/strong><b><span style=\"font-size: 13.5pt; font-family: Lato, sans-serif;\">,<\/span><\/b><\/span><span style=\"color: #c6c6c6;\"><span style=\"font-size: 13.5pt; font-family: Lato, sans-serif;\"> nascido no Rio de Janeiro, formou-se e doutorou-se pela Faculdade Nacional de Direito da Universidade do Brasil. Chegou a Bras\u00edlia em 1965 para ser Assessor Jur\u00eddico no STF. Foi advogado do BNDE, Procurador do Tribunal de Contas do Distrito Federal.\u00a0<\/span><span style=\"font-family: 'Lato',sans-serif;\"><o:p><\/o:p><\/span><\/span><\/p>\n<p><span style=\"color: #c6c6c6;\"><span style=\"font-size: 13.5pt; font-family: Lato, sans-serif;\">Aliado \u00e0 vida acad\u00eamica, obteve o segundo t\u00edtulo de doutor, agora pela Universidade de Bras\u00edlia. Foi professor da Universidade de Bras\u00edlia \u2013 UNB, Universidade do Distrito Federal e do Uniceub. Autor de mais de uma dezena de artigos e livros publicados, destaque-se os livros Pedro Lessa, o Marshall Brasileiro, Direito Sumular, Perfis do Mundo jur\u00eddico, Devido Processo Legal, Lembran\u00e7as do Mundo Jur\u00eddico.\u00a0<\/span><span style=\"font-family: 'Lato',sans-serif;\"><o:p><\/o:p><\/span><\/span><\/p>\n<p><span style=\"color: #c6c6c6;\"><span style=\"font-size: 13.5pt; font-family: Lato, sans-serif;\">Como colaborador participou ativamente do Cap\u00edtulo do Poder Judici\u00e1rio na Constituinte de 1987. Foi Ministro do Tribunal Superior Eleitoral na classe dos advogados. Integrou os quadros da OAB, no conselho federal por 20 anos e na seccional do DF. Junto com colegas advogados, fundou o Instituto dos Advogados do DF, do qual foi presidente.\u00a0<\/span><span style=\"font-family: 'Lato',sans-serif;\"><o:p><\/o:p><\/span><\/span><\/p>\n<p><span style=\"font-size: 13.5pt; font-family: Lato, sans-serif; color: #c6c6c6;\">\u00c9 membro da Academia Brasileira de Letras Jur\u00eddicas e Academia Brasiliense de Letras.\u00a0<\/span><span style=\"font-family: 'Lato',sans-serif;\"><o:p><\/o:p><\/span><\/p>\n<p>[\/et_pb_text][\/et_pb_column][\/et_pb_row][\/et_pb_section][et_pb_section fb_built=&#8221;1&#8243; disabled_on=&#8221;off|on|on&#8221; _builder_version=&#8221;4.9.4&#8243; _module_preset=&#8221;default&#8221; background_color=&#8221;#882412&#8243; min_height=&#8221;100%&#8221; custom_margin=&#8221;0px||||false|false&#8221; custom_padding=&#8221;0px||21px||false|false&#8221;][et_pb_row _builder_version=&#8221;4.9.4&#8243; _module_preset=&#8221;default&#8221; max_width=&#8221;1140px&#8221; module_alignment=&#8221;center&#8221; custom_padding=&#8221;50px||0px|||&#8221;][et_pb_column type=&#8221;4_4&#8243; _builder_version=&#8221;4.9.4&#8243; _module_preset=&#8221;default&#8221;][et_pb_image src=&#8221;https:\/\/www.rosasadvogados.adv.br\/wp-content\/uploads\/2022\/05\/logo-completa.png&#8221; title_text=&#8221;logo-completa&#8221; show_bottom_space=&#8221;off&#8221; align=&#8221;center&#8221; disabled_on=&#8221;off|off|off&#8221; _builder_version=&#8221;4.9.4&#8243; _module_preset=&#8221;default&#8221; width=&#8221;100%&#8221; module_alignment=&#8221;center&#8221; custom_margin=&#8221;2px||-10px||false|false&#8221; custom_padding=&#8221;0px||9px|||&#8221;][\/et_pb_image][et_pb_divider color=&#8221;#FFFFFF&#8221; _builder_version=&#8221;4.9.4&#8243; _module_preset=&#8221;default&#8221; custom_margin=&#8221;10px||-1px||false|false&#8221; custom_padding=&#8221;0px||0px|||&#8221;][\/et_pb_divider][et_pb_text _builder_version=&#8221;4.9.4&#8243; _module_preset=&#8221;default&#8221; text_font=&#8221;Lato Regular|500|||||||&#8221; text_font_size=&#8221;14px&#8221; text_line_height=&#8221;1.4em&#8221; header_font=&#8221;Lato Regular||||||||&#8221; header_font_size=&#8221;16px&#8221; width=&#8221;100%&#8221; module_alignment=&#8221;left&#8221; custom_margin=&#8221;0px||0px|0px|false|false&#8221; custom_padding=&#8221;1px||22px|0px||&#8221; inline_fonts=&#8221;OpenSansOK,Lato Regular,Lato Black&#8221;]<\/p>\n<p style=\"text-align: center;\"><span style=\"color: #ffffff; font-size: medium; font-family: 'Lato Regular'; font-weight: normal;\"><a href=\"%20\" style=\"color: #ffffff;\">rosasadvogados@rosasadvogados.adv.br<\/a><\/span><\/p>\n<p style=\"text-align: center;\"><span style=\"color: #ffffff; font-size: medium; font-family: 'Lato Regular'; font-weight: normal;\"><span style=\"color: #ffffff; font-family: 'Lato Regular'; font-size: large;\">+55 61 3226-0368<\/span><\/span><\/p>\n<p style=\"text-align: center;\"><span style=\"color: #ffffff; font-size: medium; font-family: 'Lato Regular'; font-weight: normal;\">SRTVS Q. 701 Bloco A Salas 801\/806 &#8211; Edif\u00edcio Centro Empresarial Bras\u00edlia, CEP 70340-000 &#8211; Bras\u00edlia\/DF<\/span><\/p>\n<p style=\"text-align: center;\">\n<p>[\/et_pb_text][et_pb_text _builder_version=&#8221;4.9.4&#8243; _module_preset=&#8221;default&#8221; text_font=&#8221;Lato Black|200|||||||&#8221; text_text_color=&#8221;#FFFFFF&#8221; text_font_size=&#8221;12px&#8221; header_font=&#8221;Open Sans||||||||&#8221; background_layout=&#8221;dark&#8221; module_alignment=&#8221;center&#8221; custom_margin=&#8221;10px|||||&#8221; inline_fonts=&#8221;OpenSansOK&#8221;]<\/p>\n<p style=\"text-align: justify;\"><span style=\"color: #ffffff;\"><strong><span style=\"font-size: 13.5pt; font-family: 'Lato Black', sans-serif;\">Rosas Advogados<\/span><\/strong><\/span><span style=\"font-size: 13.5pt; font-family: Lato, sans-serif; color: #c6c6c6;\"> um dos escrit\u00f3rios mais antigos e prestigiados de Bras\u00edlia foi fundado em 1969 pelo <\/span><span style=\"color: #ffffff;\"><strong><span style=\"font-size: 13.5pt; font-family: 'Lato Black', sans-serif;\">advogado Roberto Rosas<\/span><\/strong><\/span><span style=\"font-size: 13.5pt; font-family: 'Lato',sans-serif; color: #d8d8d8;\">.<span style=\"color: #c6c6c6;\"> Com a atua\u00e7\u00e3o voltada para os Tribunais Superiores, o escrit\u00f3rio apresenta um trabalho especializado para a solu\u00e7\u00e3o das demandas mais complexas do pa\u00eds.\u00a0<\/span><\/span><span style=\"font-family: 'Lato',sans-serif;\"><o:p><\/o:p><\/span><\/p>\n<p style=\"text-align: justify;\"><span style=\"color: #ffffff;\"><strong><span style=\"font-size: 13.5pt; font-family: 'Lato Black', sans-serif;\">Roberto Rosas<\/span><\/strong><b><span style=\"font-size: 13.5pt; font-family: Lato, sans-serif;\">,<\/span><\/b><\/span><span style=\"color: #c6c6c6;\"><span style=\"font-size: 13.5pt; font-family: Lato, sans-serif;\"> nascido no Rio de Janeiro, formou-se e doutorou-se pela Faculdade Nacional de Direito da Universidade do Brasil. Chegou a Bras\u00edlia em 1965 para ser Assessor Jur\u00eddico no STF. Foi advogado do BNDE, Procurador do Tribunal de Contas do Distrito Federal.\u00a0<\/span><span style=\"font-family: 'Lato',sans-serif;\"><o:p><\/o:p><\/span><\/span><\/p>\n<p style=\"text-align: justify;\"><span style=\"color: #c6c6c6;\"><span style=\"font-size: 13.5pt; font-family: Lato, sans-serif;\">Aliado \u00e0 vida acad\u00eamica, obteve o segundo t\u00edtulo de doutor, agora pela Universidade de Bras\u00edlia. Foi professor da Universidade de Bras\u00edlia \u2013 UNB, Universidade do Distrito Federal e do Uniceub. Autor de mais de uma dezena de artigos e livros publicados, destaque-se os livros Pedro Lessa, o Marshall Brasileiro, Direito Sumular, Perfis do Mundo jur\u00eddico, Devido Processo Legal, Lembran\u00e7as do Mundo Jur\u00eddico.\u00a0<\/span><span style=\"font-family: 'Lato',sans-serif;\"><o:p><\/o:p><\/span><\/span><\/p>\n<p style=\"text-align: justify;\"><span style=\"color: #c6c6c6;\"><span style=\"font-size: 13.5pt; font-family: Lato, sans-serif;\">Como colaborador participou ativamente do Cap\u00edtulo do Poder Judici\u00e1rio na Constituinte de 1987. Foi Ministro do Tribunal Superior Eleitoral na classe dos advogados. Integrou os quadros da OAB, no conselho federal por 20 anos e na seccional do DF. Junto com colegas advogados, fundou o Instituto dos Advogados do DF, do qual foi presidente.\u00a0<\/span><span style=\"font-family: 'Lato',sans-serif;\"><o:p><\/o:p><\/span><\/span><\/p>\n<p style=\"text-align: justify;\"><span style=\"font-size: 13.5pt; font-family: Lato, sans-serif; color: #c6c6c6;\">\u00c9 membro da Academia Brasileira de Letras Jur\u00eddicas e Academia Brasiliense de Letras.\u00a0<\/span><span style=\"font-family: 'Lato',sans-serif;\"><o:p><\/o:p><\/span><\/p>\n<p>[\/et_pb_text][\/et_pb_column][\/et_pb_row][\/et_pb_section]<\/p>\n","protected":false},"excerpt":{"rendered":"<p>[et_pb_section fb_built=&#8221;1&#8243; disabled_on=&#8221;on|off|off&#8221; _builder_version=&#8221;4.9.4&#8243; _module_preset=&#8221;default&#8221; background_color=&#8221;#882412&#8243; min_height=&#8221;100%&#8221; max_height=&#8221;1080px&#8221; custom_margin=&#8221;0px||||false|false&#8221; custom_padding=&#8221;0px||400px||false|false&#8221;][et_pb_row column_structure=&#8221;2_5,3_5&#8243; _builder_version=&#8221;4.9.4&#8243; _module_preset=&#8221;default&#8221; max_width=&#8221;1140px&#8221; module_alignment=&#8221;center&#8221; custom_padding=&#8221;100px||0px|||&#8221;][et_pb_column type=&#8221;2_5&#8243; _builder_version=&#8221;4.9.4&#8243; _module_preset=&#8221;default&#8221;][et_pb_image src=&#8221;https:\/\/www.rosasadvogados.adv.br\/wp-content\/uploads\/2022\/05\/logo-completa.png&#8221; title_text=&#8221;logo-completa&#8221; show_bottom_space=&#8221;off&#8221; align=&#8221;center&#8221; disabled_on=&#8221;off|off|off&#8221; _builder_version=&#8221;4.9.4&#8243; _module_preset=&#8221;default&#8221; width=&#8221;100%&#8221; module_alignment=&#8221;center&#8221; custom_margin=&#8221;0px||0px||false|false&#8221; custom_padding=&#8221;0px|||||&#8221;][\/et_pb_image][et_pb_divider color=&#8221;#FFFFFF&#8221; _builder_version=&#8221;4.9.4&#8243; _module_preset=&#8221;default&#8221; custom_margin=&#8221;10px||-1px||false|false&#8221; custom_padding=&#8221;9px||0px|||&#8221;][\/et_pb_divider][et_pb_text _builder_version=&#8221;4.9.4&#8243; _module_preset=&#8221;default&#8221; text_font=&#8221;Lato Regular|500|||||||&#8221; text_font_size=&#8221;16px&#8221; text_line_height=&#8221;1.4em&#8221; header_font=&#8221;Lato Regular||||||||&#8221; header_font_size=&#8221;16px&#8221; width=&#8221;100%&#8221; module_alignment=&#8221;left&#8221; custom_margin=&#8221;0px||0px|0px|false|false&#8221; custom_padding=&#8221;0px||0px|0px||&#8221; inline_fonts=&#8221;OpenSansOK,Lato Regular,Lato Black&#8221;] +55 61 3226-0368 rosasadvogados@rosasadvogados.adv.br [&hellip;]<\/p>\n","protected":false},"author":1,"featured_media":0,"parent":0,"menu_order":0,"comment_status":"closed","ping_status":"closed","template":"page-template-blank.php","meta":{"_et_pb_use_builder":"on","_et_pb_old_content":"<!-- wp:paragraph -->\n<p>Esta \u00e9 uma p\u00e1gina de exemplo. \u00c9 diferente de um post no blog porque ela permanecer\u00e1 em um lugar e aparecer\u00e1 na navega\u00e7\u00e3o do seu site na maioria dos temas. Muitas pessoas come\u00e7am com uma p\u00e1gina que as apresenta a poss\u00edveis visitantes do site. Ela pode dizer algo assim:<\/p>\n<!-- \/wp:paragraph -->\n\n<!-- wp:quote -->\n<blockquote class=\"wp-block-quote\"><p>Ol\u00e1! Eu sou um mensageiro de bicicleta durante o dia, ator aspirante \u00e0 noite, e este \u00e9 o meu site. Eu moro em S\u00e3o Paulo, tenho um grande cachorro chamado Rex e gosto de tomar caipirinha (e banhos de chuva).<\/p><\/blockquote>\n<!-- \/wp:quote -->\n\n<!-- wp:paragraph -->\n<p>...ou alguma coisa assim:<\/p>\n<!-- \/wp:paragraph -->\n\n<!-- wp:quote -->\n<blockquote class=\"wp-block-quote\"><p>A Companhia de Miniaturas XYZ foi fundada em 1971, e desde ent\u00e3o tem fornecido miniaturas de qualidade ao p\u00fablico. Localizada na cidade de Itu, a XYZ emprega mais de 2.000 pessoas e faz coisas grandiosas para a comunidade da cidade.<\/p><\/blockquote>\n<!-- \/wp:quote -->\n\n<!-- wp:paragraph -->\n<p>Como um novo usu\u00e1rio do WordPress, voc\u00ea deveria ir ao <a href=\"https:\/\/www.rosasadvogados.adv.br\/wp-admin\/\">painel<\/a> para excluir essa p\u00e1gina e criar novas p\u00e1ginas para o seu conte\u00fado. Divirta-se!<\/p>\n<!-- \/wp:paragraph -->","_et_gb_content_width":""},"_links":{"self":[{"href":"https:\/\/www.rosasadvogados.adv.br\/index.php?rest_route=\/wp\/v2\/pages\/2"}],"collection":[{"href":"https:\/\/www.rosasadvogados.adv.br\/index.php?rest_route=\/wp\/v2\/pages"}],"about":[{"href":"https:\/\/www.rosasadvogados.adv.br\/index.php?rest_route=\/wp\/v2\/types\/page"}],"author":[{"embeddable":true,"href":"https:\/\/www.rosasadvogados.adv.br\/index.php?rest_route=\/wp\/v2\/users\/1"}],"replies":[{"embeddable":true,"href":"https:\/\/www.rosasadvogados.adv.br\/index.php?rest_route=%2Fwp%2Fv2%2Fcomments&post=2"}],"version-history":[{"count":148,"href":"https:\/\/www.rosasadvogados.adv.br\/index.php?rest_route=\/wp\/v2\/pages\/2\/revisions"}],"predecessor-version":[{"id":314,"href":"https:\/\/www.rosasadvogados.adv.br\/index.php?rest_route=\/wp\/v2\/pages\/2\/revisions\/314"}],"wp:attachment":[{"href":"https:\/\/www.rosasadvogados.adv.br\/index.php?rest_route=%2Fwp%2Fv2%2Fmedia&parent=2"}],"curies":[{"name":"wp","href":"https:\/\/api.w.org\/{rel}","templated":true}]}}